{"id":2,"date":"2010-09-27T03:17:37","date_gmt":"2010-09-27T03:17:37","guid":{"rendered":"https:\/\/groeninger-carnevalsverein.de\/\/?page_id=2"},"modified":"2016-01-08T11:46:52","modified_gmt":"2016-01-08T11:46:52","slug":"eine-seite","status":"publish","type":"page","link":"https:\/\/groeninger-carnevalsverein.de\/?page_id=2","title":{"rendered":"Vereinsgeschichte"},"content":{"rendered":"<p><span style=\"color: #000080;\">Seit mehr als 30 Jahren Karneval in Gr\u00f6ningen !!!<br \/>\n<\/span><\/p>\n<p>&nbsp;<\/p>\n<p><span style=\"color: #000080;\">Die ersten Gehversuche in Sachen Karneval unternahm man bereits Anfang der f\u00fcnfziger Jahre. Bedingt durch Krieg und damit verbundene Umsiedlungen waren auch in der Bodestadt einige karnevalsinfizierte Leute eingetroffen.<\/span><\/p>\n<p><span style=\"color: #000080;\">Trotz aller misslichen Umst\u00e4nde wollten und konnten sie nicht von ihren Traditionen lassen.<\/span><\/p>\n<p><span style=\"color: #000080;\">So kam es in unserem St\u00e4dtchen zu einem famosen Karnevalstreiben inclusive eines Rosenmontagsumzuges, welches den Gr\u00f6ninger Karneval weit \u00fcber die Stadtgrenzen hinaus bekannt machte.<\/span><\/p>\n<p style=\"text-align: center;\"><span style=\"color: #000080;\"><img loading=\"lazy\" decoding=\"async\" class=\"aligncenter size-medium wp-image-315\" title=\"Scannen0004\" src=\"https:\/\/groeninger-carnevalsverein.de\/wp-content\/uploads\/2010\/09\/Scannen0004-300x218.jpg\" alt=\"\" width=\"300\" height=\"218\" srcset=\"https:\/\/groeninger-carnevalsverein.de\/wp-content\/uploads\/2010\/09\/Scannen0004-300x218.jpg 300w, https:\/\/groeninger-carnevalsverein.de\/wp-content\/uploads\/2010\/09\/Scannen0004.jpg 587w\" sizes=\"auto, (max-width: 300px) 100vw, 300px\" \/>Unvergessen sind die Namen solcher Protagonisten wie Erich Genzel,Heinz Kleindt,Terry H\u00f6ltge,Fritze Apel, Siegfried Hausschild, Edgar und K\u00e4the Kamla, Paul und Ilse M\u00f6hrke,Fritz Schr\u00f6der, Erich und Ilse Ramme, Werner Ruch, Otto Lindemann, Ernst Kamla, Fritz J\u00fcnsche, Wolfgang und Hilde Lindemann, Kurt Steack, H\u00e4cki Gabrecht, Daniel Obst und Ernst Dittmar.<\/span><\/p>\n<p><span style=\"color: #000080;\">Mitte der f\u00fcnfziger Jahre war es allerdings mit der n\u00e4rrischen Herrlichkeit vorbei. Zuviel Druck und Einfluss von gewissen Stellen verdarb den damaligen Karnevalisten den Spa\u00df und man warf die Narrenkappe in die Ecke.<\/span><\/p>\n<p><span style=\"color: #000080;\">Doch der &#8222;Karnevalsbazillus&#8220; blieb erhalten und wartete im Stillen auf Wiederbelebung.<\/span><\/p>\n<p>&nbsp;<\/p>\n<p><span style=\"color: #000080;\">Anfang der achziger Jahre gab es immer noch einige dieser &#8222;Bazillentr\u00e4ger&#8220; in unserer Stadt. 1980 sahen sie ihre Stunde gekommen. Auf &#8211; und angestachelt vom damaligen B\u00fcrgermeister Klaus Bierende,mit seiner Forderung: \u201e Das machen wir selber !\u201c ,kam es also zur Auferstehung des Gr\u00f6ninger Karneval und zur Gr\u00fcndung unseres heutigen Vereins.<\/span><\/p>\n<p>&nbsp;<\/p>\n<p><span style=\"color: #000080;\">Zur Gr\u00fcndungsmitgliedern des GCV im Jahre 1980 z\u00e4hlten: <\/span><\/p>\n<p><span style=\"color: #000080;\"> Sepp und Ruth Ochsenfart, Heinz Kleindt, Moppel und Gerlinde M\u00fcller, G\u00fcnter und Trudel Ruhm, Hellmut und Renate Hillebrand, Wolfgang und Marlies Hupe, Peter und Christel Gronenberg, Horst und Eva Ihl, Willi und B\u00e4rbel Keim, Albert und Heidi Hahne, Horst Ruprecht, Klaus Rozanski, Horst R\u00f6nnebeck, Sch\u00e4tzchen Schulze, und viele viele mehr. Diese seien stellvertretend f\u00fcr alle Mitglieder der ersten Stunde genannt.<\/span><\/p>\n<p style=\"text-align: center;\"><span style=\"color: #000080;\"><img loading=\"lazy\" decoding=\"async\" class=\"aligncenter size-medium wp-image-316\" title=\"Scannen0005\" src=\"https:\/\/groeninger-carnevalsverein.de\/wp-content\/uploads\/2010\/09\/Scannen0005-300x156.jpg\" alt=\"\" width=\"300\" height=\"156\" srcset=\"https:\/\/groeninger-carnevalsverein.de\/wp-content\/uploads\/2010\/09\/Scannen0005-300x156.jpg 300w, https:\/\/groeninger-carnevalsverein.de\/wp-content\/uploads\/2010\/09\/Scannen0005.jpg 708w\" sizes=\"auto, (max-width: 300px) 100vw, 300px\" \/>Der GCV entwickelte sich pr\u00e4chtig. Viele Gr\u00f6ninger endeckten ihr karnevalistisches Talent und wirkten aktiv im Verein mit.<\/span><\/p>\n<p style=\"text-align: center;\"><span style=\"color: #000080;\"><a href=\"https:\/\/groeninger-carnevalsverein.de\/eine-seite\/scannen0006\/\" rel=\"attachment wp-att-499\"><img loading=\"lazy\" decoding=\"async\" class=\"aligncenter size-medium wp-image-499\" title=\"Scannen0006\" src=\"https:\/\/groeninger-carnevalsverein.de\/wp-content\/uploads\/2010\/09\/Scannen0006-300x195.jpg\" alt=\"\" width=\"300\" height=\"195\" srcset=\"https:\/\/groeninger-carnevalsverein.de\/wp-content\/uploads\/2010\/09\/Scannen0006-300x195.jpg 300w, https:\/\/groeninger-carnevalsverein.de\/wp-content\/uploads\/2010\/09\/Scannen0006.jpg 840w\" sizes=\"auto, (max-width: 300px) 100vw, 300px\" \/><\/a><br \/>\n<\/span><\/p>\n<p><span style=\"color: #000080;\"> Unvergessen das M\u00e4nnerballett<br \/>\n<\/span><\/p>\n<p style=\"text-align: center;\"><span style=\"color: #000080;\"><img loading=\"lazy\" decoding=\"async\" class=\"size-medium wp-image-311 aligncenter\" title=\"Scannen0001\" src=\"https:\/\/groeninger-carnevalsverein.de\/wp-content\/uploads\/2010\/09\/Scannen0001-300x142.jpg\" alt=\"\" width=\"300\" height=\"142\" srcset=\"https:\/\/groeninger-carnevalsverein.de\/wp-content\/uploads\/2010\/09\/Scannen0001-300x142.jpg 300w, https:\/\/groeninger-carnevalsverein.de\/wp-content\/uploads\/2010\/09\/Scannen0001.jpg 769w\" sizes=\"auto, (max-width: 300px) 100vw, 300px\" \/><\/span><\/p>\n<p>&nbsp;<\/p>\n<p><span style=\"color: #000080;\">oder die Bodes\u00e4nger. denen wir immer noch unser Abschlusslied &#8220; In Gr\u00f6ningen ist Karneval&#8220; verdanken!<\/span><\/p>\n<p style=\"text-align: center;\"><span style=\"color: #000080;\"><img loading=\"lazy\" decoding=\"async\" class=\"aligncenter size-medium wp-image-312\" title=\"Scannen0002\" src=\"https:\/\/groeninger-carnevalsverein.de\/wp-content\/uploads\/2010\/09\/Scannen0002-300x140.jpg\" alt=\"\" width=\"300\" height=\"140\" srcset=\"https:\/\/groeninger-carnevalsverein.de\/wp-content\/uploads\/2010\/09\/Scannen0002-300x140.jpg 300w, https:\/\/groeninger-carnevalsverein.de\/wp-content\/uploads\/2010\/09\/Scannen0002.jpg 774w\" sizes=\"auto, (max-width: 300px) 100vw, 300px\" \/><\/span><\/p>\n<p><span style=\"color: #000080;\">Weithin bekannt ist unser j\u00e4hrlicher sonnt\u00e4glicher Rosenmontagsumzug zu dem ganz Gr\u00f6ningen und Umgebung auf den Beinen ist. <\/span><\/p>\n<p style=\"text-align: center;\"><span style=\"color: #000080;\"><img loading=\"lazy\" decoding=\"async\" class=\"aligncenter size-medium wp-image-436\" title=\"Umzug\" src=\"https:\/\/groeninger-carnevalsverein.de\/wp-content\/uploads\/2010\/09\/Umzug1-300x200.jpg\" alt=\"\" width=\"300\" height=\"200\" srcset=\"https:\/\/groeninger-carnevalsverein.de\/wp-content\/uploads\/2010\/09\/Umzug1-300x200.jpg 300w, https:\/\/groeninger-carnevalsverein.de\/wp-content\/uploads\/2010\/09\/Umzug1.jpg 597w\" sizes=\"auto, (max-width: 300px) 100vw, 300px\" \/><br \/>\n<\/span><\/p>\n<p><span style=\"color: #000080;\"><img loading=\"lazy\" decoding=\"async\" class=\"alignleft size-thumbnail wp-image-439\" title=\"Umzug 1\" src=\"https:\/\/groeninger-carnevalsverein.de\/wp-content\/uploads\/2010\/09\/Umzug-1-150x150.jpg\" alt=\"\" width=\"150\" height=\"150\" \/><img loading=\"lazy\" decoding=\"async\" class=\"alignright size-thumbnail wp-image-437\" title=\"Umzug 2\" src=\"https:\/\/groeninger-carnevalsverein.de\/wp-content\/uploads\/2010\/09\/Umzug-2-150x150.jpg\" alt=\"\" width=\"150\" height=\"150\" \/>Gro\u00dfe Unterst\u00fctzung finden wir hierbei bei den ortans\u00e4ssigen Vereinen den Feuerwehren und vielen Privatpersonen die den Umzug zu einem richtigem Highlight werden lassen.<\/span><\/p>\n<p style=\"text-align: center;\"><span style=\"color: #000080;\"><img loading=\"lazy\" decoding=\"async\" class=\"aligncenter size-medium wp-image-440\" title=\"Umzug 3\" src=\"https:\/\/groeninger-carnevalsverein.de\/wp-content\/uploads\/2010\/09\/Umzug-3-300x212.jpg\" alt=\"\" width=\"300\" height=\"212\" srcset=\"https:\/\/groeninger-carnevalsverein.de\/wp-content\/uploads\/2010\/09\/Umzug-3-300x212.jpg 300w, https:\/\/groeninger-carnevalsverein.de\/wp-content\/uploads\/2010\/09\/Umzug-3.jpg 542w\" sizes=\"auto, (max-width: 300px) 100vw, 300px\" \/><br \/>\n<\/span><\/p>\n<p><span style=\"color: #000080;\">In der Saison 2005 feierte der GCV sein 25 j\u00e4hriges Bestehen, ein H\u00f6hepunkt in der Vereinsgeschichte!<\/span><\/p>\n<p><span style=\"color: #000080;\">Aus diesem feierlichen Anlass wurden zwei ausserordentliche Prunksitzungen veranstaltet, zu welchen der Verein seine ehemaligen Pr\u00e4sidenten und viele, ehemalige Karnevalisten begr\u00fc\u00dfen durfte.<\/span><\/p>\n<p><span style=\"color: #000080;\">Gemeinsam wurde eine fantastische Zeitreise durch 25 Jahre Vereinsgeschichte in einem Programm dargestellt.<br \/>\n<\/span><\/p>\n<p><span style=\"color: #000080;\">Erstmalig konnte auch der amtierende Landesverbandsvorsitzende Wolfgang Hotze und viele Vereins.- und Sitzungspr\u00e4sidenten von befreundeten Vereinen in Gr\u00f6ningen begr\u00fc\u00dft werden.<\/span><\/p>\n<p><span style=\"color: #000080;\">Dank des gro\u00dfen Einsatzes einiger sehr engagierter Damen des Vereins gibt es seit vielen Jahren auch einen z\u00fcnftigen Kinderkarneval,der von Gro\u00df und Klein sehr gut angenommen wird.<\/span><\/p>\n<p><span style=\"color: #000080;\">Der H\u00f6hepunkt war im Jahr 2009 war das 25 j\u00e4hriges Bestehen des Kinderkarnevals des GCV, welches mit einer bunten und fr\u00f6hlichen Kinderprunksitzung gefeiert wurde.<\/span><\/p>\n<p style=\"text-align: center;\"><span style=\"color: #000080;\"><img loading=\"lazy\" decoding=\"async\" class=\"aligncenter size-medium wp-image-391\" title=\"Digi fotos dezember 08 bis April 09 078\" src=\"https:\/\/groeninger-carnevalsverein.de\/wp-content\/uploads\/2010\/09\/Digi-fotos-dezember-08-bis-April-09-078-300x225.jpg\" alt=\"\" width=\"300\" height=\"225\" srcset=\"https:\/\/groeninger-carnevalsverein.de\/wp-content\/uploads\/2010\/09\/Digi-fotos-dezember-08-bis-April-09-078-300x225.jpg 300w, https:\/\/groeninger-carnevalsverein.de\/wp-content\/uploads\/2010\/09\/Digi-fotos-dezember-08-bis-April-09-078-1024x768.jpg 1024w\" sizes=\"auto, (max-width: 300px) 100vw, 300px\" \/>Im Jahr 2010 feierte der GCV mit einem super sch\u00f6nen bunten Programm unter dem Motto: <\/span><\/p>\n<p style=\"text-align: center;\"><span style=\"color: #ff0000;\">&#8222;Theater Theater schon 30 Jahr&#8220;yes we can&#8220; mit Groninga Allah !!!&#8220;<\/span><\/p>\n<p><span style=\"color: #000080;\"> sein 30 J\u00e4hriges Bestehen.<\/span><\/p>\n<p style=\"text-align: center;\"><span style=\"color: #000080;\"><img loading=\"lazy\" decoding=\"async\" class=\"aligncenter size-medium wp-image-374\" title=\"Garde2\" src=\"https:\/\/groeninger-carnevalsverein.de\/wp-content\/uploads\/2010\/09\/Garde2-300x205.jpg\" alt=\"\" width=\"300\" height=\"205\" srcset=\"https:\/\/groeninger-carnevalsverein.de\/wp-content\/uploads\/2010\/09\/Garde2-300x205.jpg 300w, https:\/\/groeninger-carnevalsverein.de\/wp-content\/uploads\/2010\/09\/Garde2.jpg 580w\" sizes=\"auto, (max-width: 300px) 100vw, 300px\" \/><br \/>\n<\/span><\/p>\n<p><span style=\"color: #000080;\">Ein Motto welches die bewegende Geschichte des Vereins nicht besser beschreiben kann.<br \/>\n<\/span><\/p>\n<p style=\"text-align: center;\"><span style=\"color: #000080;\">immer sch\u00f6n anzusehen das Abschlussbild<\/span><\/p>\n<p><img loading=\"lazy\" decoding=\"async\" class=\"aligncenter wp-image-848 size-large\" src=\"https:\/\/groeninger-carnevalsverein.de\/wp-content\/uploads\/2010\/09\/IMG_3526-1024x682.jpg\" alt=\"IMG_3526\" width=\"640\" height=\"426\" srcset=\"https:\/\/groeninger-carnevalsverein.de\/wp-content\/uploads\/2010\/09\/IMG_3526-1024x682.jpg 1024w, https:\/\/groeninger-carnevalsverein.de\/wp-content\/uploads\/2010\/09\/IMG_3526-300x200.jpg 300w\" sizes=\"auto, (max-width: 640px) 100vw, 640px\" \/><\/p>\n<p>&nbsp;<\/p>\n","protected":false},"excerpt":{"rendered":"<p>Seit mehr als 30 Jahren Karneval in Gr\u00f6ningen !!! &nbsp; Die ersten Gehversuche in Sachen Karneval unternahm man bereits Anfang der f\u00fcnfziger Jahre. Bedingt durch Krieg und damit verbundene Umsiedlungen waren auch in der Bodestadt einige karnevalsinfizierte Leute eingetroffen. Trotz &hellip; <a href=\"https:\/\/groeninger-carnevalsverein.de\/?page_id=2\">Weiterlesen <span class=\"meta-nav\">&rarr;<\/span><\/a><\/p>\n","protected":false},"author":3,"featured_media":0,"parent":0,"menu_order":1,"comment_status":"closed","ping_status":"closed","template":"onecolumn-page.php","meta":{"footnotes":""},"class_list":["post-2","page","type-page","status-publish","hentry"],"_links":{"self":[{"href":"https:\/\/groeninger-carnevalsverein.de\/index.php?rest_route=\/wp\/v2\/pages\/2","targetHints":{"allow":["GET"]}}],"collection":[{"href":"https:\/\/groeninger-carnevalsverein.de\/index.php?rest_route=\/wp\/v2\/pages"}],"about":[{"href":"https:\/\/groeninger-carnevalsverein.de\/index.php?rest_route=\/wp\/v2\/types\/page"}],"author":[{"embeddable":true,"href":"https:\/\/groeninger-carnevalsverein.de\/index.php?rest_route=\/wp\/v2\/users\/3"}],"replies":[{"embeddable":true,"href":"https:\/\/groeninger-carnevalsverein.de\/index.php?rest_route=%2Fwp%2Fv2%2Fcomments&post=2"}],"version-history":[{"count":44,"href":"https:\/\/groeninger-carnevalsverein.de\/index.php?rest_route=\/wp\/v2\/pages\/2\/revisions"}],"predecessor-version":[{"id":941,"href":"https:\/\/groeninger-carnevalsverein.de\/index.php?rest_route=\/wp\/v2\/pages\/2\/revisions\/941"}],"wp:attachment":[{"href":"https:\/\/groeninger-carnevalsverein.de\/index.php?rest_route=%2Fwp%2Fv2%2Fmedia&parent=2"}],"curies":[{"name":"wp","href":"https:\/\/api.w.org\/{rel}","templated":true}]}}